{"version":"1.0","provider_name":"DOMOVINA","provider_url":"https:\/\/www.antikvar.sk\/blog","author_name":"jaropoky","author_url":"https:\/\/www.antikvar.sk\/blog\/author\/jaro\/","title":"Ukrajina first a sviato\u010dn\u00e9 kapre - fejt\u00f3n - DOMOVINA","type":"rich","width":600,"height":338,"html":"<blockquote class=\"wp-embedded-content\" data-secret=\"cGgG9tYeeU\"><a href=\"https:\/\/www.antikvar.sk\/blog\/ukrajina-first-fejton\/\">Ukrajina first a sviato\u010dn\u00e9 kapre &#8211; fejt\u00f3n<\/a><\/blockquote><iframe sandbox=\"allow-scripts\" security=\"restricted\" src=\"https:\/\/www.antikvar.sk\/blog\/ukrajina-first-fejton\/embed\/#?secret=cGgG9tYeeU\" width=\"600\" height=\"338\" title=\"&#8220;Ukrajina first a sviato\u010dn\u00e9 kapre &#8211; fejt\u00f3n&#8221; &#8212; DOMOVINA\" data-secret=\"cGgG9tYeeU\" frameborder=\"0\" marginwidth=\"0\" marginheight=\"0\" scrolling=\"no\" class=\"wp-embedded-content\"><\/iframe><script>\n\/*! This file is auto-generated *\/\n!function(d,l){\"use strict\";l.querySelector&&d.addEventListener&&\"undefined\"!=typeof URL&&(d.wp=d.wp||{},d.wp.receiveEmbedMessage||(d.wp.receiveEmbedMessage=function(e){var t=e.data;if((t||t.secret||t.message||t.value)&&!\/[^a-zA-Z0-9]\/.test(t.secret)){for(var s,r,n,a=l.querySelectorAll('iframe[data-secret=\"'+t.secret+'\"]'),o=l.querySelectorAll('blockquote[data-secret=\"'+t.secret+'\"]'),c=new RegExp(\"^https?:$\",\"i\"),i=0;i<o.length;i++)o[i].style.display=\"none\";for(i=0;i<a.length;i++)s=a[i],e.source===s.contentWindow&&(s.removeAttribute(\"style\"),\"height\"===t.message?(1e3<(r=parseInt(t.value,10))?r=1e3:~~r<200&&(r=200),s.height=r):\"link\"===t.message&&(r=new URL(s.getAttribute(\"src\")),n=new URL(t.value),c.test(n.protocol))&&n.host===r.host&&l.activeElement===s&&(d.top.location.href=t.value))}},d.addEventListener(\"message\",d.wp.receiveEmbedMessage,!1),l.addEventListener(\"DOMContentLoaded\",function(){for(var e,t,s=l.querySelectorAll(\"iframe.wp-embedded-content\"),r=0;r<s.length;r++)(t=(e=s[r]).getAttribute(\"data-secret\"))||(t=Math.random().toString(36).substring(2,12),e.src+=\"#?secret=\"+t,e.setAttribute(\"data-secret\",t)),e.contentWindow.postMessage({message:\"ready\",secret:t},\"*\")},!1)))}(window,document);\n\/\/# sourceURL=https:\/\/www.antikvar.sk\/blog\/wp-includes\/js\/wp-embed.min.js\n<\/script>\n","thumbnail_url":"https:\/\/www.antikvar.sk\/blog\/wp-content\/uploads\/2022\/12\/P1250205.jpg","thumbnail_width":1200,"thumbnail_height":675,"description":"N\u00e1\u0161 premi\u00e9r, vtedy e\u0161te nebol v demisii, vyhl\u00e1sil, \u017ee jeho vl\u00e1da je protikorup\u010dn\u00e1, pro eur\u00f3pska a pro ukrajinsk\u00e1. \u0164ulpas, keby aspo\u0148 spomenul, \u017ee je aj pro &#8222;t\u00fato krajinu&#8220;. Pom\u00e1hajme aj Ukrajine ale: Pr\u00e1ve som si pozrel video o tom, ako sa pred viano\u010dn\u00fdmi sviatkami Rusi a Ukrajinci zab\u00edjaj\u00fa a na\u0161i politici maj\u00fa pokyn len lia\u0165 [&hellip;]"}