{"version":"1.0","provider_name":"DOMOVINA","provider_url":"https:\/\/www.antikvar.sk\/blog","author_name":"jaropoky","author_url":"https:\/\/www.antikvar.sk\/blog\/author\/jaro\/","title":"Nouze nau\u010dila Dalibora housti - fejt\u00f3n - DOMOVINA","type":"rich","width":600,"height":338,"html":"<blockquote class=\"wp-embedded-content\" data-secret=\"V6mEVXK9Xm\"><a href=\"https:\/\/www.antikvar.sk\/blog\/nouze-naucila-dalibora-housti-fejton\/\">Nouze nau\u010dila Dalibora housti &#8211; fejt\u00f3n<\/a><\/blockquote><iframe sandbox=\"allow-scripts\" security=\"restricted\" src=\"https:\/\/www.antikvar.sk\/blog\/nouze-naucila-dalibora-housti-fejton\/embed\/#?secret=V6mEVXK9Xm\" width=\"600\" height=\"338\" title=\"&#8220;Nouze nau\u010dila Dalibora housti &#8211; fejt\u00f3n&#8221; &#8212; DOMOVINA\" data-secret=\"V6mEVXK9Xm\" frameborder=\"0\" marginwidth=\"0\" marginheight=\"0\" scrolling=\"no\" class=\"wp-embedded-content\"><\/iframe><script>\n\/*! This file is auto-generated *\/\n!function(d,l){\"use strict\";l.querySelector&&d.addEventListener&&\"undefined\"!=typeof URL&&(d.wp=d.wp||{},d.wp.receiveEmbedMessage||(d.wp.receiveEmbedMessage=function(e){var t=e.data;if((t||t.secret||t.message||t.value)&&!\/[^a-zA-Z0-9]\/.test(t.secret)){for(var s,r,n,a=l.querySelectorAll('iframe[data-secret=\"'+t.secret+'\"]'),o=l.querySelectorAll('blockquote[data-secret=\"'+t.secret+'\"]'),c=new RegExp(\"^https?:$\",\"i\"),i=0;i<o.length;i++)o[i].style.display=\"none\";for(i=0;i<a.length;i++)s=a[i],e.source===s.contentWindow&&(s.removeAttribute(\"style\"),\"height\"===t.message?(1e3<(r=parseInt(t.value,10))?r=1e3:~~r<200&&(r=200),s.height=r):\"link\"===t.message&&(r=new URL(s.getAttribute(\"src\")),n=new URL(t.value),c.test(n.protocol))&&n.host===r.host&&l.activeElement===s&&(d.top.location.href=t.value))}},d.addEventListener(\"message\",d.wp.receiveEmbedMessage,!1),l.addEventListener(\"DOMContentLoaded\",function(){for(var e,t,s=l.querySelectorAll(\"iframe.wp-embedded-content\"),r=0;r<s.length;r++)(t=(e=s[r]).getAttribute(\"data-secret\"))||(t=Math.random().toString(36).substring(2,12),e.src+=\"#?secret=\"+t,e.setAttribute(\"data-secret\",t)),e.contentWindow.postMessage({message:\"ready\",secret:t},\"*\")},!1)))}(window,document);\n\/\/# sourceURL=https:\/\/www.antikvar.sk\/blog\/wp-includes\/js\/wp-embed.min.js\n<\/script>\n","thumbnail_url":"https:\/\/www.antikvar.sk\/blog\/wp-content\/uploads\/2022\/08\/daliborka.jpeg","thumbnail_width":960,"thumbnail_height":540,"description":"&#8222;Minister pr\u00e1ce, soci\u00e1lnych vec\u00ed a rodiny SR Milan Krajniak na soci\u00e1lnej sieti po\u017eiadal progres\u00edvcov, liber\u00e1lov, \u010derven\u00e9 denn\u00edky, ktor\u00e9 u\u017e principi\u00e1lne bojuj\u00fa proti fa\u0161izmu, aby mu odpovedali na jednu ot\u00e1zku. Je ma\u010farsk\u00fd Jobbik fa\u0161istick\u00fd? Pre\u010do ste vtedy nekri\u010dali, \u017ee slu\u0161n\u00fd politik sa nem\u00f4\u017ee nikdy sp\u00e1ja\u0165 s fa\u0161istami? Pre\u010do ste vtedy nekri\u010dali, \u017ee s fa\u0161istami sa nerokuje? [&hellip;]"}