{"version":"1.0","provider_name":"DOMOVINA","provider_url":"https:\/\/www.antikvar.sk\/blog","author_name":"jaropoky","author_url":"https:\/\/www.antikvar.sk\/blog\/author\/jaro\/","title":"Iba marketing - pozn\u00e1mka - DOMOVINA","type":"rich","width":600,"height":338,"html":"<blockquote class=\"wp-embedded-content\" data-secret=\"gyOFu4n4fC\"><a href=\"https:\/\/www.antikvar.sk\/blog\/iba-marketing-poznamka\/\">Iba marketing &#8211; pozn\u00e1mka<\/a><\/blockquote><iframe sandbox=\"allow-scripts\" security=\"restricted\" src=\"https:\/\/www.antikvar.sk\/blog\/iba-marketing-poznamka\/embed\/#?secret=gyOFu4n4fC\" width=\"600\" height=\"338\" title=\"&#8220;Iba marketing &#8211; pozn\u00e1mka&#8221; &#8212; DOMOVINA\" data-secret=\"gyOFu4n4fC\" frameborder=\"0\" marginwidth=\"0\" marginheight=\"0\" scrolling=\"no\" class=\"wp-embedded-content\"><\/iframe><script>\n\/*! This file is auto-generated *\/\n!function(d,l){\"use strict\";l.querySelector&&d.addEventListener&&\"undefined\"!=typeof URL&&(d.wp=d.wp||{},d.wp.receiveEmbedMessage||(d.wp.receiveEmbedMessage=function(e){var t=e.data;if((t||t.secret||t.message||t.value)&&!\/[^a-zA-Z0-9]\/.test(t.secret)){for(var s,r,n,a=l.querySelectorAll('iframe[data-secret=\"'+t.secret+'\"]'),o=l.querySelectorAll('blockquote[data-secret=\"'+t.secret+'\"]'),c=new RegExp(\"^https?:$\",\"i\"),i=0;i<o.length;i++)o[i].style.display=\"none\";for(i=0;i<a.length;i++)s=a[i],e.source===s.contentWindow&&(s.removeAttribute(\"style\"),\"height\"===t.message?(1e3<(r=parseInt(t.value,10))?r=1e3:~~r<200&&(r=200),s.height=r):\"link\"===t.message&&(r=new URL(s.getAttribute(\"src\")),n=new URL(t.value),c.test(n.protocol))&&n.host===r.host&&l.activeElement===s&&(d.top.location.href=t.value))}},d.addEventListener(\"message\",d.wp.receiveEmbedMessage,!1),l.addEventListener(\"DOMContentLoaded\",function(){for(var e,t,s=l.querySelectorAll(\"iframe.wp-embedded-content\"),r=0;r<s.length;r++)(t=(e=s[r]).getAttribute(\"data-secret\"))||(t=Math.random().toString(36).substring(2,12),e.src+=\"#?secret=\"+t,e.setAttribute(\"data-secret\",t)),e.contentWindow.postMessage({message:\"ready\",secret:t},\"*\")},!1)))}(window,document);\n\/\/# sourceURL=https:\/\/www.antikvar.sk\/blog\/wp-includes\/js\/wp-embed.min.js\n<\/script>\n","description":"Robert Fico sa vyjadril k v\u010deraj\u0161ej h\u00e1dke Zelenskyj \u2013 Trump Premi\u00e9r SR Robert Fico sa dnes na soci\u00e1lnej sieti vyjadril k v\u010deraj\u0161ej h\u00e1dke ku ktorej do\u0161lo v Ov\u00e1lnej pracovni medzi Zelensk\u00fdm a Trumpom priamo pred kamerami po\u010das priameho prenosu z jednan\u00ed. Premi\u00e9rove vyjadrenie v\u00e1m prin\u00e1\u0161ame v plnom znen\u00ed&#8230; Z diskusie v Hlavn\u00fdch spr\u00e1vach: Jaro pred [&hellip;]","thumbnail_url":"https:\/\/www.hlavnespravy.sk\/img.php?aid=3846086"}